{"id":8835,"date":"2026-02-25T10:37:27","date_gmt":"2026-02-25T09:37:27","guid":{"rendered":"https:\/\/www.visitripatransone.it\/?post_type=mec-events&#038;p=8835"},"modified":"2026-02-26T08:32:18","modified_gmt":"2026-02-26T07:32:18","slug":"festival-del-dono-tedxascolipiceno-salon-a-ripatransone","status":"publish","type":"mec-events","link":"https:\/\/www.visitripatransone.it\/en\/manifestazioni\/festival-del-dono-tedxascolipiceno-salon-a-ripatransone\/","title":{"rendered":"FESTIVAL DEL DONO &#8211; TEDxAscoliPiceno Salon a Ripatransone"},"content":{"rendered":"<h3 data-path-to-node=\"4\"><b data-path-to-node=\"4\" data-index-in-node=\"46\">Il 28 febbraio e il 1\u00b0 marzo 2026<\/b>, il Teatro Luigi Mercantini di Ripatransone ospita <b data-path-to-node=\"4\" data-index-in-node=\"187\">TEDxAscoliPiceno Salon &#8211; Festival del Dono<\/b>. L&#8217;iniziativa, curata da <b data-path-to-node=\"4\" data-index-in-node=\"255\">NEXT OdV<\/b>, nasce da un&#8217;idea dell&#8217;<b data-path-to-node=\"4\" data-index-in-node=\"287\">Avis Comunale di Ripatransone<\/b> e si inserisce nel pi\u00f9 ampio progetto <b data-path-to-node=\"4\" data-index-in-node=\"355\">RCH \u2013 Ripatransone Community Hub<\/b>.<\/h3>\n<p data-path-to-node=\"5\">Esperti e visionari si alterneranno sul palco per esplorare le diverse declinazioni del dono:<\/p>\n<ul data-path-to-node=\"6\">\n<li>\n<p data-path-to-node=\"6,0,0\"><b data-path-to-node=\"6,0,0\" data-index-in-node=\"0\">Roberta Cesaroni<\/b> (Psicologa e Mental Coach): Analizzer\u00e0 il dono nelle dinamiche familiari e sociali, spiegando come piccoli gesti costruiscano senso di appartenenza.<\/p>\n<\/li>\n<li>\n<p data-path-to-node=\"6,1,0\"><b data-path-to-node=\"6,1,0\" data-index-in-node=\"0\">Zeno Rossi<\/b> (Direttore Frida Art Academy): Racconter\u00e0 l&#8217;arte come strumento di rinascita e l&#8217;impegno come forma di restituzione alla comunit\u00e0.<\/p>\n<\/li>\n<li>\n<p data-path-to-node=\"6,2,0\"><b data-path-to-node=\"6,2,0\" data-index-in-node=\"0\">Selene Re<\/b> (Presidente Nazionale Giovani CNA): Approfondir\u00e0 la responsabilit\u00e0 sociale d&#8217;impresa e il valore condiviso che le aziende possono generare.<\/p>\n<\/li>\n<li>\n<p data-path-to-node=\"6,3,0\"><b data-path-to-node=\"6,3,0\" data-index-in-node=\"0\">Marcello La Matina<\/b>: Contribuir\u00e0 con la sua prospettiva di filosofo e semiologo.<\/p>\n<\/li>\n<\/ul>\n<h3 data-path-to-node=\"7\"><b data-path-to-node=\"7\" data-index-in-node=\"0\">Performance e Live Session<\/b><\/h3>\n<p data-path-to-node=\"8\">L&#8217;ispirazione passer\u00e0 anche attraverso la musica, il teatro e la danza con:<\/p>\n<ul data-path-to-node=\"9\">\n<li>\n<p data-path-to-node=\"9,0,0\">Le sessioni live di <b data-path-to-node=\"9,0,0\" data-index-in-node=\"20\">Vinicio Simonetti<\/b> e dei <b data-path-to-node=\"9,0,0\" data-index-in-node=\"44\">R\u00e9troVie<\/b>.<\/p>\n<\/li>\n<li>\n<p data-path-to-node=\"9,1,0\">La performance dell&#8217;attore <b data-path-to-node=\"9,1,0\" data-index-in-node=\"27\">Francesco Bovara<\/b>.<\/p>\n<\/li>\n<li>\n<p data-path-to-node=\"9,2,0\">La danza contemporanea di <b data-path-to-node=\"9,2,0\" data-index-in-node=\"26\">Francesca Marchetti<\/b>.<\/p>\n<\/li>\n<\/ul>\n<h3 data-path-to-node=\"10\"><b data-path-to-node=\"10\" data-index-in-node=\"0\">Workshop\u00a0<\/b><\/h3>\n<p data-path-to-node=\"11\">Momenti magici di partecipazione per riscoprire il benessere e la creativit\u00e0:<\/p>\n<ul data-path-to-node=\"12\">\n<li>\n<p data-path-to-node=\"12,0,0\"><b data-path-to-node=\"12,0,0\" data-index-in-node=\"0\">&#8220;Fiabe in Libert\u00e0&#8221;<\/b>: Con Melissa Conigli e Allegra Mocchegiani di <i data-path-to-node=\"12,0,0\" data-index-in-node=\"65\">Radio Incredibile<\/i>.<\/p>\n<\/li>\n<li>\n<p data-path-to-node=\"12,1,0\"><b data-path-to-node=\"12,1,0\" data-index-in-node=\"0\">Workshop 1 &#8211; Yoga della Risata<\/b>: Con Elisa Pignotti e Jenny Mancini, per donare benessere a se stessi.<\/p>\n<\/li>\n<li>\n<p data-path-to-node=\"12,2,0\"><b data-path-to-node=\"12,2,0\" data-index-in-node=\"0\">Workshop 2 &#8211; Le Storie dell&#8217;Arte<\/b>: A cura di <i data-path-to-node=\"12,2,0\" data-index-in-node=\"44\">Frida Art Academy<\/i>.<\/p>\n<\/li>\n<li>\n<p data-path-to-node=\"12,3,0\"><b data-path-to-node=\"12,3,0\" data-index-in-node=\"0\">Circle di Networking<\/b>: Uno spazio dedicato alla creazione di nuove connessioni.<\/p>\n<\/li>\n<\/ul>\n<h3 data-path-to-node=\"5\"><b data-path-to-node=\"5\" data-index-in-node=\"0\">La Mission\u00a0<\/b><\/h3>\n<p data-path-to-node=\"5\">Ispirato al formato internazionale TED, questo Salon si configura come un laboratorio di idee volto a esplorare il concetto di dono non solo come scambio materiale, ma come atto rivoluzionario di condivisione di tempo, talento e umanit\u00e0. Attraverso talk ispirazionali e testimonianze dirette, esploreremo come la gratuit\u00e0 possa trasformare le comunit\u00e0 e generare valore sociale nel territorio del Piceno.<\/p>\n<p data-path-to-node=\"5\">L&#8217;obiettivo principale dell&#8217;evento \u00e8 rafforzare le relazioni di comunit\u00e0 e attivare processi di partecipazione attiva, utilizzando la cultura come leva per valorizzare il territorio. Attraverso il formato dei &#8220;Salon&#8221; di TEDx, il festival esplorer\u00e0 il concetto di &#8220;dono&#8221; in tutte le sue sfumature: come atto di solidariet\u00e0, condivisione di idee e motore di rigenerazione sociale.<\/p>\n<p data-path-to-node=\"9\">L&#8217;evento \u00e8 gratuito a numero chiuso. \u00c8 possibile prenotare il proprio posto e consultare il programma completo dei relatori direttamente sulla pagina ufficiale di <a href=\"https:\/\/www.eventbrite.it\/e\/biglietti-tedxascolipicenosalon-festival-del-dono-a-ripatransone-1980851654622\">Eventbrite<\/a>.<\/p>\n<p data-path-to-node=\"9\"><em>L&#8217;evento finanziato tramite Avviso pubblico per la presentazione di Proposte di intervento per la rigenerazione culturale e sociale dei piccoli borghi storici, da finanziare nell\u2019ambito del PNRR, Missione 1 &#8220;&#8221;Digitalizzazione, innovazione, competitivit\u00e0 e cultura&#8221;&#8221;, Componente 3 &#8220;&#8221;Turismo e Cultura 4.0&#8243;&#8221; (M1C3), Misura 2 \u201cRigenerazione di piccoli siti culturali, patrimonio culturale, religioso e rurale\u201d, Investimento 2.1 \u201cAttrattivit\u00e0 dei borghi\u201d, finanziato dall\u2019Unione europea &#8211; NextGenerationEU e gestito dal Ministero della Cultura.&#8221;<\/em><\/p>\n<h3 data-path-to-node=\"9\">Programma delle giornate<\/h3>\n<p data-path-to-node=\"4\"><strong>SABATO 28 FEBBRAIO<\/strong><\/p>\n<ul data-path-to-node=\"5\">\n<li>\n<p data-path-to-node=\"5,0,0\"><b data-path-to-node=\"5,0,0\" data-index-in-node=\"0\">15:00<\/b> \u2013 <b data-path-to-node=\"5,0,0\" data-index-in-node=\"8\">Apertura e saluti istituzionali<\/b><\/p>\n<\/li>\n<li>\n<p data-path-to-node=\"5,1,0\"><b data-path-to-node=\"5,1,0\" data-index-in-node=\"0\">15:30<\/b> \u2013 <b data-path-to-node=\"5,1,0\" data-index-in-node=\"8\">Performance inaugurale con Francesca Marchetti<\/b><\/p>\n<\/li>\n<li>\n<p data-path-to-node=\"5,2,0\"><b data-path-to-node=\"5,2,0\" data-index-in-node=\"0\">16:00<\/b> \u2013 <b data-path-to-node=\"5,2,0\" data-index-in-node=\"8\">Roberta Cesaroni (Psicologa e Mental Coach):<\/b> <i data-path-to-node=\"5,2,0\" data-index-in-node=\"53\">Il dono nelle dinamiche familiari e sociali: come piccoli gesti costruiscono appartenenza<\/i>.<\/p>\n<\/li>\n<li>\n<p data-path-to-node=\"5,3,0\"><b data-path-to-node=\"5,3,0\" data-index-in-node=\"0\">16:30<\/b> \u2013 <b data-path-to-node=\"5,3,0\" data-index-in-node=\"8\">&#8220;Fiabe in Libert\u00e0&#8221;:<\/b> Allegra Mocchegiani e Melissa Conigli di Radio Incredibile ci portano nel mondo del riscatto sociale attraverso la narrazione.<\/p>\n<\/li>\n<li>\n<p data-path-to-node=\"5,4,0\"><b data-path-to-node=\"5,4,0\" data-index-in-node=\"0\">17:00<\/b> \u2013 <b data-path-to-node=\"5,4,0\" data-index-in-node=\"8\">Zeno Rossi (Direttore Frida Art Academy):<\/b> <i data-path-to-node=\"5,4,0\" data-index-in-node=\"50\">L\u2019arte come strumento di rinascita e l\u2019impegno come restituzione alla comunit\u00e0<\/i>.<\/p>\n<\/li>\n<li>\n<p data-path-to-node=\"5,5,0\"><b data-path-to-node=\"5,5,0\" data-index-in-node=\"0\">18:00<\/b> \u2013 <b data-path-to-node=\"5,5,0\" data-index-in-node=\"8\">Scegli la tua esperienza:<\/b><\/p>\n<ul data-path-to-node=\"5,5,1\">\n<li>\n<p data-path-to-node=\"5,5,1,0,0\"><b data-path-to-node=\"5,5,1,0,0\" data-index-in-node=\"0\">Workshop 1:<\/b> Yoga della Risata con Elisa Pignotti e Jenny Mancini.<\/p>\n<\/li>\n<li>\n<p data-path-to-node=\"5,5,1,1,0\"><b data-path-to-node=\"5,5,1,1,0\" data-index-in-node=\"0\">Circle di networking:<\/b> Condivisione e dialogo con le carte ufficiali TEDx.<\/p>\n<\/li>\n<\/ul>\n<\/li>\n<li>\n<p data-path-to-node=\"5,6,0\"><b data-path-to-node=\"5,6,0\" data-index-in-node=\"0\">19:00<\/b> \u2013 <b data-path-to-node=\"5,6,0\" data-index-in-node=\"8\">Chiusura della prima giornata:<\/b> Networking, aperitivo, interviste live con Radio Incredibile e musica dal vivo con <b data-path-to-node=\"5,6,0\" data-index-in-node=\"122\">Vinicio Simonetti<\/b>.<\/p>\n<\/li>\n<\/ul>\n<hr data-path-to-node=\"6\" \/>\n<h3 data-path-to-node=\"7\"><b data-path-to-node=\"7\" data-index-in-node=\"0\">DOMENICA 1 MARZO<\/b><\/h3>\n<ul data-path-to-node=\"8\">\n<li>\n<p data-path-to-node=\"8,0,0\"><b data-path-to-node=\"8,0,0\" data-index-in-node=\"0\">15:00<\/b> \u2013 <b data-path-to-node=\"8,0,0\" data-index-in-node=\"8\">Apertura artistica:<\/b> l&#8217;attore Francesco Bovara legge testi di Gianni Celati.<\/p>\n<\/li>\n<li>\n<p data-path-to-node=\"8,1,0\"><b data-path-to-node=\"8,1,0\" data-index-in-node=\"0\">15:30<\/b> \u2013 <b data-path-to-node=\"8,1,0\" data-index-in-node=\"8\">Marcello La Matina (Filosofo e Semiologo):<\/b> Una riflessione profonda sul significato del dono nel linguaggio e nel pensiero umano.<\/p>\n<\/li>\n<li>\n<p data-path-to-node=\"8,2,0\"><b data-path-to-node=\"8,2,0\" data-index-in-node=\"0\">16:00<\/b> \u2013 <b data-path-to-node=\"8,2,0\" data-index-in-node=\"8\">&#8220;A Scuola di TED&#8221;:<\/b> Presentazione del progetto che ha coinvolto i giovani del territorio.<\/p>\n<\/li>\n<li>\n<p data-path-to-node=\"8,3,0\"><b data-path-to-node=\"8,3,0\" data-index-in-node=\"0\">16:30<\/b> \u2013 <b data-path-to-node=\"8,3,0\" data-index-in-node=\"8\">Selene Re (Presidente nazionale Giovani CNA):<\/b> <i data-path-to-node=\"8,3,0\" data-index-in-node=\"54\">Responsabilit\u00e0 sociale d\u2019impresa: come le aziende possono generare valore condiviso<\/i>.<\/p>\n<\/li>\n<li>\n<p data-path-to-node=\"8,4,0\"><b data-path-to-node=\"8,4,0\" data-index-in-node=\"0\">17:00<\/b> \u2013 <b data-path-to-node=\"8,4,0\" data-index-in-node=\"8\">Scegli la tua esperienza:<\/b><\/p>\n<ul data-path-to-node=\"8,4,1\">\n<li>\n<p data-path-to-node=\"8,4,1,0,0\"><b data-path-to-node=\"8,4,1,0,0\" data-index-in-node=\"0\">Workshop 2:<\/b> &#8220;Le Storie dell&#8217;Arte&#8221; a cura di Frida Academy.<\/p>\n<\/li>\n<li>\n<p data-path-to-node=\"8,4,1,1,0\"><b data-path-to-node=\"8,4,1,1,0\" data-index-in-node=\"0\">Yoga della Risata:<\/b> Una nuova sessione con Elisa Pignotti e Jenny Mancini.<\/p>\n<\/li>\n<\/ul>\n<\/li>\n<li>\n<p data-path-to-node=\"8,5,0\"><b data-path-to-node=\"8,5,0\" data-index-in-node=\"0\">18:00<\/b> \u2013 <b data-path-to-node=\"8,5,0\" data-index-in-node=\"8\">Tavoli di networking e circle finali:<\/b> momento conclusivo di confronto e partecipazione comunitaria.<\/p>\n<\/li>\n<li>\n<p data-path-to-node=\"8,6,0\"><b data-path-to-node=\"8,6,0\" data-index-in-node=\"0\">19:00<\/b> \u2013 <b data-path-to-node=\"8,6,0\" data-index-in-node=\"8\">Gran finale:<\/b> brindisi e musica dal vivo con il duo <b data-path-to-node=\"8,6,0\" data-index-in-node=\"59\">R\u00e9troVie<\/b> (Angela Crocetti e Abramo Riti).<\/p>\n<\/li>\n<\/ul>\n<h3 data-path-to-node=\"7\"><b data-path-to-node=\"7\" data-index-in-node=\"0\">Informazioni utili:<\/b><\/h3>\n<p>Teatro Luigi Mercantini, Ripatransone (AP).<\/p>\n<p>Sabato 28 febbraio e domenica 1\u00b0 marzo 2026, dalle 15:00 alle 20:00<\/p>\n<p>Ingresso g<span style=\"font-size: 16px;\">ratuito per tutti i cittadini.<\/span><\/p>\n<p>Prenotazione o<span style=\"font-size: 16px;\">bbligatoria sulla piattaforma <\/span>Eventbrite<span style=\"font-size: 16px;\">.<\/span><\/p>","protected":false},"excerpt":{"rendered":"<p>Partecipa al TEDxAscoliPiceno Salon a Ripatransone (28 feb &#8211; 1 mar 2026). Un festival gratuito dedicato al dono e alla cultura per rafforzare la comunit\u00e0. Iscrizioni su Eventbrite.<\/p>","protected":false},"author":8,"featured_media":8836,"comment_status":"open","ping_status":"closed","template":"","tags":[],"mec_category":[1196,1278,1282,1284,1286,1360],"class_list":["post-8835","mec-events","type-mec-events","status-publish","has-post-thumbnail","hentry","mec_category-teatro","mec_category-musica","mec_category-intrattenimento","mec_category-letteratura","mec_category-sociale","mec_category-benessere"],"_links":{"self":[{"href":"https:\/\/www.visitripatransone.it\/en\/wp-json\/wp\/v2\/mec-events\/8835","targetHints":{"allow":["GET"]}}],"collection":[{"href":"https:\/\/www.visitripatransone.it\/en\/wp-json\/wp\/v2\/mec-events"}],"about":[{"href":"https:\/\/www.visitripatransone.it\/en\/wp-json\/wp\/v2\/types\/mec-events"}],"author":[{"embeddable":true,"href":"https:\/\/www.visitripatransone.it\/en\/wp-json\/wp\/v2\/users\/8"}],"replies":[{"embeddable":true,"href":"https:\/\/www.visitripatransone.it\/en\/wp-json\/wp\/v2\/comments?post=8835"}],"wp:featuredmedia":[{"embeddable":true,"href":"https:\/\/www.visitripatransone.it\/en\/wp-json\/wp\/v2\/media\/8836"}],"wp:attachment":[{"href":"https:\/\/www.visitripatransone.it\/en\/wp-json\/wp\/v2\/media?parent=8835"}],"wp:term":[{"taxonomy":"post_tag","embeddable":true,"href":"https:\/\/www.visitripatransone.it\/en\/wp-json\/wp\/v2\/tags?post=8835"},{"taxonomy":"mec_category","embeddable":true,"href":"https:\/\/www.visitripatransone.it\/en\/wp-json\/wp\/v2\/mec_category?post=8835"}],"curies":[{"name":"wp","href":"https:\/\/api.w.org\/{rel}","templated":true}]}}